{"id":124,"date":"2019-07-31T09:46:35","date_gmt":"2019-07-31T09:46:35","guid":{"rendered":"http:\/\/localhost:8888\/in-the-press-news\/"},"modified":"2021-09-21T21:38:58","modified_gmt":"2021-09-21T19:38:58","slug":"depeches","status":"publish","type":"page","link":"https:\/\/www.batl-taxlaw.be\/fr\/depeches\/","title":{"rendered":"Nouvelles"},"content":{"rendered":"<div class=\"wpb-content-wrapper\"><p>[vc_row full_width=&#8221;stretch_row&#8221; content_placement=&#8221;middle&#8221; bg_type=&#8221;bg_color&#8221; bg_color_value=&#8221;#333333&#8243; el_class=&#8221;serv-top-row&#8221;][vc_column width=&#8221;5\/6&#8243;][vc_column_text]<\/p>\n<h1>BULLETINS D&#8217;INFORMATIONS<\/h1>\n<p>[\/vc_column_text][\/vc_column][vc_column width=&#8221;1\/6&#8243;][vc_single_image image=&#8221;32&#8243; img_size=&#8221;full&#8221; alignment=&#8221;center&#8221;][\/vc_column][\/vc_row][vc_row el_class=&#8221;press-2-row&#8221;][vc_column][vc_column_text el_class=&#8221;ttl-h3&#8243;]<\/p>\n<h3>Bulletins d&#8217;informations de l&#8217;association de fait BATL<\/h3>\n<hr \/>\n<p>[\/vc_column_text]<section class=\"items-grid wf-container\"><div class=\"wf-cell wf-1\"><article class=\"post-format-standard\"><div class=\"mini-post-img\"><a class=\"alignleft post-rollover layzr-bg\" href=\"https:\/\/www.batl-taxlaw.be\/fr\/presse\/depeche-2024-3\/\" aria-label=\"Post image\"><img decoding=\"async\" class=\"preload-me lazy-load aspect\" src=\"data:image\/svg+xml,%3Csvg%20xmlns%3D&#39;http%3A%2F%2Fwww.w3.org%2F2000%2Fsvg&#39;%20viewBox%3D&#39;0%200%2060%2060&#39;%2F%3E\" data-src=\"https:\/\/www.batl-taxlaw.be\/wp-content\/uploads\/2020\/04\/batl-article-preview-image-60x60.jpg\" data-srcset=\"https:\/\/www.batl-taxlaw.be\/wp-content\/uploads\/2020\/04\/batl-article-preview-image-60x60.jpg 60w, https:\/\/www.batl-taxlaw.be\/wp-content\/uploads\/2020\/04\/batl-article-preview-image-120x120.jpg 120w\" loading=\"eager\" style=\"--ratio: 60 \/ 60\" sizes=\"(max-width: 60px) 100vw, 60px\" width=\"60\" height=\"60\"  alt=\"\" \/><\/a><\/div><div class=\"post-content\"><a href=\"https:\/\/www.batl-taxlaw.be\/fr\/presse\/depeche-2024-3\/\">D\u00e9p\u00eache 2024 &#8211; 3<\/a><br \/><time class=\"text-secondary\" datetime=\"2024-08-01T14:12:34+02:00\">August 1, 2024<\/time><\/div><\/article><\/div><div class=\"wf-cell wf-1\"><article class=\"post-format-standard\"><div class=\"mini-post-img\"><a class=\"alignleft post-rollover layzr-bg\" href=\"https:\/\/www.batl-taxlaw.be\/fr\/presse\/bulletin-dinformations-2024-1\/\" aria-label=\"Post image\"><img decoding=\"async\" class=\"preload-me lazy-load aspect\" src=\"data:image\/svg+xml,%3Csvg%20xmlns%3D&#39;http%3A%2F%2Fwww.w3.org%2F2000%2Fsvg&#39;%20viewBox%3D&#39;0%200%2060%2060&#39;%2F%3E\" data-src=\"https:\/\/www.batl-taxlaw.be\/wp-content\/uploads\/2020\/04\/batl-article-preview-image-60x60.jpg\" data-srcset=\"https:\/\/www.batl-taxlaw.be\/wp-content\/uploads\/2020\/04\/batl-article-preview-image-60x60.jpg 60w, https:\/\/www.batl-taxlaw.be\/wp-content\/uploads\/2020\/04\/batl-article-preview-image-120x120.jpg 120w\" loading=\"eager\" style=\"--ratio: 60 \/ 60\" sizes=\"(max-width: 60px) 100vw, 60px\" width=\"60\" height=\"60\"  alt=\"\" \/><\/a><\/div><div class=\"post-content\"><a href=\"https:\/\/www.batl-taxlaw.be\/fr\/presse\/bulletin-dinformations-2024-1\/\">Bulletin d&#8217;informations 2024 1<\/a><br \/><time class=\"text-secondary\" datetime=\"2024-05-29T14:09:52+02:00\">May 29, 2024<\/time><\/div><\/article><\/div><div class=\"wf-cell wf-1\"><article class=\"post-format-standard\"><div class=\"mini-post-img\"><a class=\"alignleft post-rollover layzr-bg\" href=\"https:\/\/www.batl-taxlaw.be\/fr\/presse\/depeche-2023-1\/\" aria-label=\"Post image\"><img decoding=\"async\" class=\"preload-me lazy-load aspect\" src=\"data:image\/svg+xml,%3Csvg%20xmlns%3D&#39;http%3A%2F%2Fwww.w3.org%2F2000%2Fsvg&#39;%20viewBox%3D&#39;0%200%2060%2060&#39;%2F%3E\" data-src=\"https:\/\/www.batl-taxlaw.be\/wp-content\/uploads\/2020\/04\/batl-article-preview-image-60x60.jpg\" data-srcset=\"https:\/\/www.batl-taxlaw.be\/wp-content\/uploads\/2020\/04\/batl-article-preview-image-60x60.jpg 60w, https:\/\/www.batl-taxlaw.be\/wp-content\/uploads\/2020\/04\/batl-article-preview-image-120x120.jpg 120w\" loading=\"eager\" style=\"--ratio: 60 \/ 60\" sizes=\"(max-width: 60px) 100vw, 60px\" width=\"60\" height=\"60\"  alt=\"\" \/><\/a><\/div><div class=\"post-content\"><a href=\"https:\/\/www.batl-taxlaw.be\/fr\/presse\/depeche-2023-1\/\">D\u00e9p\u00eache 2023-1<\/a><br \/><time class=\"text-secondary\" datetime=\"2023-03-11T09:07:30+02:00\">March 11, 2023<\/time><\/div><\/article><\/div><div class=\"wf-cell wf-1\"><article class=\"post-format-standard\"><div class=\"mini-post-img\"><a class=\"alignleft post-rollover layzr-bg\" href=\"https:\/\/www.batl-taxlaw.be\/fr\/presse\/le-secret-professionnel-des-avocats-est-indivisible\/\" aria-label=\"Post image\"><img decoding=\"async\" class=\"preload-me lazy-load aspect\" src=\"data:image\/svg+xml,%3Csvg%20xmlns%3D&#39;http%3A%2F%2Fwww.w3.org%2F2000%2Fsvg&#39;%20viewBox%3D&#39;0%200%2060%2060&#39;%2F%3E\" data-src=\"https:\/\/www.batl-taxlaw.be\/wp-content\/uploads\/2019\/08\/paul-verhaeghe-60x60.jpg\" data-srcset=\"https:\/\/www.batl-taxlaw.be\/wp-content\/uploads\/2019\/08\/paul-verhaeghe-60x60.jpg 60w, https:\/\/www.batl-taxlaw.be\/wp-content\/uploads\/2019\/08\/paul-verhaeghe-120x120.jpg 120w\" loading=\"eager\" style=\"--ratio: 60 \/ 60\" sizes=\"(max-width: 60px) 100vw, 60px\" width=\"60\" height=\"60\"  alt=\"\" \/><\/a><\/div><div class=\"post-content\"><a href=\"https:\/\/www.batl-taxlaw.be\/fr\/presse\/le-secret-professionnel-des-avocats-est-indivisible\/\">Le secret professionnel des avocats est indivisible !<\/a><br \/><time class=\"text-secondary\" datetime=\"2022-11-23T22:19:00+02:00\">November 23, 2022<\/time><\/div><\/article><\/div><div class=\"wf-cell wf-1\"><article class=\"post-format-standard\"><div class=\"mini-post-img\"><a class=\"alignleft post-rollover layzr-bg\" href=\"https:\/\/www.batl-taxlaw.be\/fr\/presse\/depeche-2022-2\/\" aria-label=\"Post image\"><img decoding=\"async\" class=\"preload-me lazy-load aspect\" src=\"data:image\/svg+xml,%3Csvg%20xmlns%3D&#39;http%3A%2F%2Fwww.w3.org%2F2000%2Fsvg&#39;%20viewBox%3D&#39;0%200%2060%2060&#39;%2F%3E\" data-src=\"https:\/\/www.batl-taxlaw.be\/wp-content\/uploads\/2020\/04\/batl-article-preview-image-60x60.jpg\" data-srcset=\"https:\/\/www.batl-taxlaw.be\/wp-content\/uploads\/2020\/04\/batl-article-preview-image-60x60.jpg 60w, https:\/\/www.batl-taxlaw.be\/wp-content\/uploads\/2020\/04\/batl-article-preview-image-120x120.jpg 120w\" loading=\"eager\" style=\"--ratio: 60 \/ 60\" sizes=\"(max-width: 60px) 100vw, 60px\" width=\"60\" height=\"60\"  alt=\"\" \/><\/a><\/div><div class=\"post-content\"><a href=\"https:\/\/www.batl-taxlaw.be\/fr\/presse\/depeche-2022-2\/\">D\u00e9p\u00eache 2022 &#8211; 2<\/a><br \/><time class=\"text-secondary\" datetime=\"2022-11-04T00:17:57+02:00\">November 4, 2022<\/time><\/div><\/article><\/div><div class=\"wf-cell wf-1\"><article class=\"post-format-standard\"><div class=\"mini-post-img\"><a class=\"alignleft post-rollover layzr-bg\" href=\"https:\/\/www.batl-taxlaw.be\/fr\/presse\/depeche-2022-1\/\" aria-label=\"Post image\"><img decoding=\"async\" class=\"preload-me lazy-load aspect\" src=\"data:image\/svg+xml,%3Csvg%20xmlns%3D&#39;http%3A%2F%2Fwww.w3.org%2F2000%2Fsvg&#39;%20viewBox%3D&#39;0%200%2060%2060&#39;%2F%3E\" data-src=\"https:\/\/www.batl-taxlaw.be\/wp-content\/uploads\/2020\/04\/batl-article-preview-image-60x60.jpg\" data-srcset=\"https:\/\/www.batl-taxlaw.be\/wp-content\/uploads\/2020\/04\/batl-article-preview-image-60x60.jpg 60w, https:\/\/www.batl-taxlaw.be\/wp-content\/uploads\/2020\/04\/batl-article-preview-image-120x120.jpg 120w\" loading=\"eager\" style=\"--ratio: 60 \/ 60\" sizes=\"(max-width: 60px) 100vw, 60px\" width=\"60\" height=\"60\"  alt=\"\" \/><\/a><\/div><div class=\"post-content\"><a href=\"https:\/\/www.batl-taxlaw.be\/fr\/presse\/depeche-2022-1\/\">D\u00e9p\u00eache 2022 &#8211; 1<\/a><br \/><time class=\"text-secondary\" datetime=\"2022-09-27T17:34:17+02:00\">September 27, 2022<\/time><\/div><\/article><\/div><\/section>[vc_column_text el_class=&#8221;ttl-h3&#8243;]<\/p>\n<h3>Prises de position de l&#8217;association de fait de BATL<\/h3>\n<hr \/>\n<p>[\/vc_column_text]<section class=\"items-grid wf-container\"><div class=\"wf-cell wf-1\"><article class=\"post-format-standard\"><div class=\"mini-post-img\"><a class=\"alignleft post-rollover layzr-bg\" href=\"https:\/\/www.batl-taxlaw.be\/fr\/presse\/note-de-batl-sur-les-propositions-de-loi-concernant-des-intermediaires-fiscaux\/\" aria-label=\"Post image\"><img decoding=\"async\" class=\"preload-me lazy-load aspect\" src=\"data:image\/svg+xml,%3Csvg%20xmlns%3D&#39;http%3A%2F%2Fwww.w3.org%2F2000%2Fsvg&#39;%20viewBox%3D&#39;0%200%2060%2060&#39;%2F%3E\" data-src=\"https:\/\/www.batl-taxlaw.be\/wp-content\/uploads\/2020\/04\/batl-article-preview-image-60x60.jpg\" data-srcset=\"https:\/\/www.batl-taxlaw.be\/wp-content\/uploads\/2020\/04\/batl-article-preview-image-60x60.jpg 60w, https:\/\/www.batl-taxlaw.be\/wp-content\/uploads\/2020\/04\/batl-article-preview-image-120x120.jpg 120w\" loading=\"eager\" style=\"--ratio: 60 \/ 60\" sizes=\"(max-width: 60px) 100vw, 60px\" width=\"60\" height=\"60\"  alt=\"\" \/><\/a><\/div><div class=\"post-content\"><a href=\"https:\/\/www.batl-taxlaw.be\/fr\/presse\/note-de-batl-sur-les-propositions-de-loi-concernant-des-intermediaires-fiscaux\/\">Note de BATL sur les propositions de loi concernant des interm\u00e9diaires fiscaux<\/a><br \/><time class=\"text-secondary\" datetime=\"2021-05-11T16:19:02+02:00\">May 11, 2021<\/time><\/div><\/article><\/div><div class=\"wf-cell wf-1\"><article class=\"post-format-standard\"><div class=\"mini-post-img\"><a class=\"alignleft post-rollover layzr-bg\" href=\"https:\/\/www.batl-taxlaw.be\/fr\/non-classifiee\/547\/\" aria-label=\"Post image\"><img decoding=\"async\" class=\"preload-me lazy-load aspect\" src=\"data:image\/svg+xml,%3Csvg%20xmlns%3D&#39;http%3A%2F%2Fwww.w3.org%2F2000%2Fsvg&#39;%20viewBox%3D&#39;0%200%2060%2060&#39;%2F%3E\" data-src=\"https:\/\/www.batl-taxlaw.be\/wp-content\/uploads\/2020\/04\/batl-article-preview-image-60x60.jpg\" data-srcset=\"https:\/\/www.batl-taxlaw.be\/wp-content\/uploads\/2020\/04\/batl-article-preview-image-60x60.jpg 60w, https:\/\/www.batl-taxlaw.be\/wp-content\/uploads\/2020\/04\/batl-article-preview-image-120x120.jpg 120w\" loading=\"eager\" style=\"--ratio: 60 \/ 60\" sizes=\"(max-width: 60px) 100vw, 60px\" width=\"60\" height=\"60\"  alt=\"\" \/><\/a><\/div><div class=\"post-content\"><a href=\"https:\/\/www.batl-taxlaw.be\/fr\/non-classifiee\/547\/\">Prise de position de BALT sur la transposition de DAC 6<\/a><br \/><time class=\"text-secondary\" datetime=\"2019-11-22T19:42:01+02:00\">November 22, 2019<\/time><\/div><\/article><\/div><\/section>[\/vc_column][\/vc_row][vc_row full_width=&#8221;stretch_row&#8221; content_placement=&#8221;middle&#8221; bg_type=&#8221;bg_color&#8221; bg_color_value=&#8221;#262724&#8243; el_class=&#8221;subscribe-row&#8221;][vc_column width=&#8221;1\/6&#8243;][vc_single_image image=&#8221;15&#8243; img_size=&#8221;full&#8221; alignment=&#8221;center&#8221;][\/vc_column][vc_column width=&#8221;5\/6&#8243;][vc_column_text]L&#8217;ASBL BATL fait appel aux avocats en Belgique, sp\u00e9cialis\u00e9s en droit fiscal, afin qu\u2019ils rejoignent l\u2019association. Il est fortement recommand\u00e9 \u00e0 tout avocat qui exerce ses activit\u00e9s en droit fiscal de devenir membre. De plus amples informations, ainsi que le formulaire pour devenir membre, peuvent \u00eatre obtenus sur simple <a href=\"\/fr\/contact-batl\/\">demande par email<\/a>.[\/vc_column_text][\/vc_column][\/vc_row]<\/p>\n<\/div>","protected":false},"excerpt":{"rendered":"<p>[vc_row full_width=&#8221;stretch_row&#8221; content_placement=&#8221;middle&#8221; bg_type=&#8221;bg_color&#8221; bg_color_value=&#8221;#333333&#8243; el_class=&#8221;serv-top-row&#8221;][vc_column width=&#8221;5\/6&#8243;][vc_column_text] BULLETINS D&#8217;INFORMATIONS [\/vc_column_text][\/vc_column][vc_column width=&#8221;1\/6&#8243;][vc_single_image image=&#8221;32&#8243; img_size=&#8221;full&#8221; alignment=&#8221;center&#8221;][\/vc_column][\/vc_row][vc_row el_class=&#8221;press-2-row&#8221;][vc_column][vc_column_text el_class=&#8221;ttl-h3&#8243;] Bulletins d&#8217;informations de l&#8217;association de fait BATL [\/vc_column_text][vc_column_text el_class=&#8221;ttl-h3&#8243;] Prises de position de l&#8217;association de fait de BATL [\/vc_column_text][\/vc_column][\/vc_row][vc_row full_width=&#8221;stretch_row&#8221; content_placement=&#8221;middle&#8221; bg_type=&#8221;bg_color&#8221; bg_color_value=&#8221;#262724&#8243; el_class=&#8221;subscribe-row&#8221;][vc_column width=&#8221;1\/6&#8243;][vc_single_image image=&#8221;15&#8243; img_size=&#8221;full&#8221; alignment=&#8221;center&#8221;][\/vc_column][vc_column width=&#8221;5\/6&#8243;][vc_column_text]L&#8217;ASBL BATL fait appel aux avocats en Belgique, sp\u00e9cialis\u00e9s en droit&hellip;<\/p>\n","protected":false},"author":1,"featured_media":0,"parent":0,"menu_order":0,"comment_status":"closed","ping_status":"closed","template":"","meta":{"footnotes":""},"class_list":["post-124","page","type-page","status-publish","hentry","description-off"],"yoast_head":"<!-- This site is optimized with the Yoast SEO plugin v27.3 - https:\/\/yoast.com\/product\/yoast-seo-wordpress\/ -->\n<title>Nouvelles - BATL<\/title>\n<meta name=\"robots\" content=\"index, follow, max-snippet:-1, max-image-preview:large, max-video-preview:-1\" \/>\n<link rel=\"canonical\" href=\"https:\/\/www.batl-taxlaw.be\/fr\/depeches\/\" \/>\n<meta property=\"og:locale\" content=\"fr_FR\" \/>\n<meta property=\"og:type\" content=\"article\" \/>\n<meta property=\"og:title\" content=\"Nouvelles - BATL\" \/>\n<meta property=\"og:description\" content=\"[vc_row full_width=&#8221;stretch_row&#8221; content_placement=&#8221;middle&#8221; bg_type=&#8221;bg_color&#8221; bg_color_value=&#8221;#333333&#8243; el_class=&#8221;serv-top-row&#8221;][vc_column width=&#8221;5\/6&#8243;][vc_column_text] BULLETINS D&#8217;INFORMATIONS [\/vc_column_text][\/vc_column][vc_column width=&#8221;1\/6&#8243;][vc_single_image image=&#8221;32&#8243; img_size=&#8221;full&#8221; alignment=&#8221;center&#8221;][\/vc_column][\/vc_row][vc_row el_class=&#8221;press-2-row&#8221;][vc_column][vc_column_text el_class=&#8221;ttl-h3&#8243;] Bulletins d&#8217;informations de l&#8217;association de fait BATL [\/vc_column_text][vc_column_text el_class=&#8221;ttl-h3&#8243;] Prises de position de l&#8217;association de fait de BATL [\/vc_column_text][\/vc_column][\/vc_row][vc_row full_width=&#8221;stretch_row&#8221; content_placement=&#8221;middle&#8221; bg_type=&#8221;bg_color&#8221; bg_color_value=&#8221;#262724&#8243; el_class=&#8221;subscribe-row&#8221;][vc_column width=&#8221;1\/6&#8243;][vc_single_image image=&#8221;15&#8243; img_size=&#8221;full&#8221; alignment=&#8221;center&#8221;][\/vc_column][vc_column width=&#8221;5\/6&#8243;][vc_column_text]L&#8217;ASBL BATL fait appel aux avocats en Belgique, sp\u00e9cialis\u00e9s en droit&hellip;\" \/>\n<meta property=\"og:url\" content=\"https:\/\/www.batl-taxlaw.be\/fr\/depeches\/\" \/>\n<meta property=\"og:site_name\" content=\"BATL\" \/>\n<meta property=\"article:modified_time\" content=\"2021-09-21T19:38:58+00:00\" \/>\n<meta name=\"twitter:card\" content=\"summary_large_image\" \/>\n<meta name=\"twitter:label1\" content=\"Est. reading time\" \/>\n\t<meta name=\"twitter:data1\" content=\"1 minute\" \/>\n<script type=\"application\/ld+json\" class=\"yoast-schema-graph\">{\"@context\":\"https:\\\/\\\/schema.org\",\"@graph\":[{\"@type\":\"WebPage\",\"@id\":\"https:\\\/\\\/www.batl-taxlaw.be\\\/fr\\\/depeches\\\/\",\"url\":\"https:\\\/\\\/www.batl-taxlaw.be\\\/fr\\\/depeches\\\/\",\"name\":\"Nouvelles - BATL\",\"isPartOf\":{\"@id\":\"https:\\\/\\\/www.batl-taxlaw.be\\\/#website\"},\"datePublished\":\"2019-07-31T09:46:35+00:00\",\"dateModified\":\"2021-09-21T19:38:58+00:00\",\"breadcrumb\":{\"@id\":\"https:\\\/\\\/www.batl-taxlaw.be\\\/fr\\\/depeches\\\/#breadcrumb\"},\"inLanguage\":\"fr\",\"potentialAction\":[{\"@type\":\"ReadAction\",\"target\":[\"https:\\\/\\\/www.batl-taxlaw.be\\\/fr\\\/depeches\\\/\"]}]},{\"@type\":\"BreadcrumbList\",\"@id\":\"https:\\\/\\\/www.batl-taxlaw.be\\\/fr\\\/depeches\\\/#breadcrumb\",\"itemListElement\":[{\"@type\":\"ListItem\",\"position\":1,\"name\":\"Home\",\"item\":\"https:\\\/\\\/www.batl-taxlaw.be\\\/fr\\\/\"},{\"@type\":\"ListItem\",\"position\":2,\"name\":\"Nouvelles\"}]},{\"@type\":\"WebSite\",\"@id\":\"https:\\\/\\\/www.batl-taxlaw.be\\\/#website\",\"url\":\"https:\\\/\\\/www.batl-taxlaw.be\\\/\",\"name\":\"BATL\",\"description\":\"\",\"publisher\":{\"@id\":\"https:\\\/\\\/www.batl-taxlaw.be\\\/#organization\"},\"potentialAction\":[{\"@type\":\"SearchAction\",\"target\":{\"@type\":\"EntryPoint\",\"urlTemplate\":\"https:\\\/\\\/www.batl-taxlaw.be\\\/?s={search_term_string}\"},\"query-input\":{\"@type\":\"PropertyValueSpecification\",\"valueRequired\":true,\"valueName\":\"search_term_string\"}}],\"inLanguage\":\"fr\"},{\"@type\":\"Organization\",\"@id\":\"https:\\\/\\\/www.batl-taxlaw.be\\\/#organization\",\"name\":\"Belgian Association Of Tax Lawyers\",\"url\":\"https:\\\/\\\/www.batl-taxlaw.be\\\/\",\"logo\":{\"@type\":\"ImageObject\",\"inLanguage\":\"fr\",\"@id\":\"https:\\\/\\\/www.batl-taxlaw.be\\\/#\\\/schema\\\/logo\\\/image\\\/\",\"url\":\"https:\\\/\\\/www.batl-taxlaw.be\\\/wp-content\\\/uploads\\\/2020\\\/04\\\/batl-article-preview-image.jpg\",\"contentUrl\":\"https:\\\/\\\/www.batl-taxlaw.be\\\/wp-content\\\/uploads\\\/2020\\\/04\\\/batl-article-preview-image.jpg\",\"width\":200,\"height\":200,\"caption\":\"Belgian Association Of Tax Lawyers\"},\"image\":{\"@id\":\"https:\\\/\\\/www.batl-taxlaw.be\\\/#\\\/schema\\\/logo\\\/image\\\/\"}}]}<\/script>\n<!-- \/ Yoast SEO plugin. -->","yoast_head_json":{"title":"Nouvelles - BATL","robots":{"index":"index","follow":"follow","max-snippet":"max-snippet:-1","max-image-preview":"max-image-preview:large","max-video-preview":"max-video-preview:-1"},"canonical":"https:\/\/www.batl-taxlaw.be\/fr\/depeches\/","og_locale":"fr_FR","og_type":"article","og_title":"Nouvelles - BATL","og_description":"[vc_row full_width=&#8221;stretch_row&#8221; content_placement=&#8221;middle&#8221; bg_type=&#8221;bg_color&#8221; bg_color_value=&#8221;#333333&#8243; el_class=&#8221;serv-top-row&#8221;][vc_column width=&#8221;5\/6&#8243;][vc_column_text] BULLETINS D&#8217;INFORMATIONS [\/vc_column_text][\/vc_column][vc_column width=&#8221;1\/6&#8243;][vc_single_image image=&#8221;32&#8243; img_size=&#8221;full&#8221; alignment=&#8221;center&#8221;][\/vc_column][\/vc_row][vc_row el_class=&#8221;press-2-row&#8221;][vc_column][vc_column_text el_class=&#8221;ttl-h3&#8243;] Bulletins d&#8217;informations de l&#8217;association de fait BATL [\/vc_column_text][vc_column_text el_class=&#8221;ttl-h3&#8243;] Prises de position de l&#8217;association de fait de BATL [\/vc_column_text][\/vc_column][\/vc_row][vc_row full_width=&#8221;stretch_row&#8221; content_placement=&#8221;middle&#8221; bg_type=&#8221;bg_color&#8221; bg_color_value=&#8221;#262724&#8243; el_class=&#8221;subscribe-row&#8221;][vc_column width=&#8221;1\/6&#8243;][vc_single_image image=&#8221;15&#8243; img_size=&#8221;full&#8221; alignment=&#8221;center&#8221;][\/vc_column][vc_column width=&#8221;5\/6&#8243;][vc_column_text]L&#8217;ASBL BATL fait appel aux avocats en Belgique, sp\u00e9cialis\u00e9s en droit&hellip;","og_url":"https:\/\/www.batl-taxlaw.be\/fr\/depeches\/","og_site_name":"BATL","article_modified_time":"2021-09-21T19:38:58+00:00","twitter_card":"summary_large_image","twitter_misc":{"Est. reading time":"1 minute"},"schema":{"@context":"https:\/\/schema.org","@graph":[{"@type":"WebPage","@id":"https:\/\/www.batl-taxlaw.be\/fr\/depeches\/","url":"https:\/\/www.batl-taxlaw.be\/fr\/depeches\/","name":"Nouvelles - BATL","isPartOf":{"@id":"https:\/\/www.batl-taxlaw.be\/#website"},"datePublished":"2019-07-31T09:46:35+00:00","dateModified":"2021-09-21T19:38:58+00:00","breadcrumb":{"@id":"https:\/\/www.batl-taxlaw.be\/fr\/depeches\/#breadcrumb"},"inLanguage":"fr","potentialAction":[{"@type":"ReadAction","target":["https:\/\/www.batl-taxlaw.be\/fr\/depeches\/"]}]},{"@type":"BreadcrumbList","@id":"https:\/\/www.batl-taxlaw.be\/fr\/depeches\/#breadcrumb","itemListElement":[{"@type":"ListItem","position":1,"name":"Home","item":"https:\/\/www.batl-taxlaw.be\/fr\/"},{"@type":"ListItem","position":2,"name":"Nouvelles"}]},{"@type":"WebSite","@id":"https:\/\/www.batl-taxlaw.be\/#website","url":"https:\/\/www.batl-taxlaw.be\/","name":"BATL","description":"","publisher":{"@id":"https:\/\/www.batl-taxlaw.be\/#organization"},"potentialAction":[{"@type":"SearchAction","target":{"@type":"EntryPoint","urlTemplate":"https:\/\/www.batl-taxlaw.be\/?s={search_term_string}"},"query-input":{"@type":"PropertyValueSpecification","valueRequired":true,"valueName":"search_term_string"}}],"inLanguage":"fr"},{"@type":"Organization","@id":"https:\/\/www.batl-taxlaw.be\/#organization","name":"Belgian Association Of Tax Lawyers","url":"https:\/\/www.batl-taxlaw.be\/","logo":{"@type":"ImageObject","inLanguage":"fr","@id":"https:\/\/www.batl-taxlaw.be\/#\/schema\/logo\/image\/","url":"https:\/\/www.batl-taxlaw.be\/wp-content\/uploads\/2020\/04\/batl-article-preview-image.jpg","contentUrl":"https:\/\/www.batl-taxlaw.be\/wp-content\/uploads\/2020\/04\/batl-article-preview-image.jpg","width":200,"height":200,"caption":"Belgian Association Of Tax Lawyers"},"image":{"@id":"https:\/\/www.batl-taxlaw.be\/#\/schema\/logo\/image\/"}}]}},"_links":{"self":[{"href":"https:\/\/www.batl-taxlaw.be\/fr\/wp-json\/wp\/v2\/pages\/124","targetHints":{"allow":["GET"]}}],"collection":[{"href":"https:\/\/www.batl-taxlaw.be\/fr\/wp-json\/wp\/v2\/pages"}],"about":[{"href":"https:\/\/www.batl-taxlaw.be\/fr\/wp-json\/wp\/v2\/types\/page"}],"author":[{"embeddable":true,"href":"https:\/\/www.batl-taxlaw.be\/fr\/wp-json\/wp\/v2\/users\/1"}],"replies":[{"embeddable":true,"href":"https:\/\/www.batl-taxlaw.be\/fr\/wp-json\/wp\/v2\/comments?post=124"}],"version-history":[{"count":29,"href":"https:\/\/www.batl-taxlaw.be\/fr\/wp-json\/wp\/v2\/pages\/124\/revisions"}],"predecessor-version":[{"id":1187,"href":"https:\/\/www.batl-taxlaw.be\/fr\/wp-json\/wp\/v2\/pages\/124\/revisions\/1187"}],"wp:attachment":[{"href":"https:\/\/www.batl-taxlaw.be\/fr\/wp-json\/wp\/v2\/media?parent=124"}],"curies":[{"name":"wp","href":"https:\/\/api.w.org\/{rel}","templated":true}]}}